{"id":11,"date":"2025-06-14T20:03:51","date_gmt":"2025-06-14T20:03:51","guid":{"rendered":"https:\/\/gastropediatra.com.br\/?page_id=11"},"modified":"2025-06-17T21:33:36","modified_gmt":"2025-06-17T21:33:36","slug":"gastropediatra-dra-karen-marcondes-em-sao-jose-do-rio-preto","status":"publish","type":"page","link":"https:\/\/gastropediatra.com.br\/","title":{"rendered":"Gastropediatra Dra Karen Marcondes em S\u00e3o Jos\u00e9 do Rio Preto"},"content":{"rendered":"\t\t<div data-elementor-type=\"wp-page\" data-elementor-id=\"11\" class=\"elementor elementor-11\">\n\t\t\t\t<div class=\"elementor-element elementor-element-1fce5b5 e-flex e-con-boxed e-con e-parent\" data-id=\"1fce5b5\" data-element_type=\"container\">\n\t\t\t\t\t<div class=\"e-con-inner\">\n\t\t\t\t<div class=\"elementor-element elementor-element-bf3b7d7 elementor-widget elementor-widget-text-editor\" data-id=\"bf3b7d7\" data-element_type=\"widget\" data-widget_type=\"text-editor.default\">\n\t\t\t\t<div class=\"elementor-widget-container\">\n\t\t\t\t\t\t\t\t\t<strong>Dra. Karen Marcondes |<\/strong> Gastropediatra CRM 109.319\n\t\t\t\t\t\t\t\t<\/div>\n\t\t\t\t<\/div>\n\t\t\t\t\t<\/div>\n\t\t\t\t<\/div>\n\t\t<div class=\"elementor-element elementor-element-a87fda6 e-flex e-con-boxed e-con e-parent\" data-id=\"a87fda6\" data-element_type=\"container\">\n\t\t\t\t\t<div class=\"e-con-inner\">\n\t\t<div class=\"elementor-element elementor-element-44d6ca9 e-con-full e-flex e-con e-child\" data-id=\"44d6ca9\" data-element_type=\"container\">\n\t\t\t\t<div class=\"elementor-element elementor-element-77aa478 elementor-widget elementor-widget-text-editor\" data-id=\"77aa478\" data-element_type=\"widget\" data-widget_type=\"text-editor.default\">\n\t\t\t\t<div class=\"elementor-widget-container\">\n\t\t\t\t\t\t\t\t\t<strong>Sobre a Gastropediatra<\/strong>\n\t\t\t\t\t\t\t\t<\/div>\n\t\t\t\t<\/div>\n\t\t\t\t<div class=\"elementor-element elementor-element-eb52cc0 elementor-widget elementor-widget-text-editor\" data-id=\"eb52cc0\" data-element_type=\"widget\" data-widget_type=\"text-editor.default\">\n\t\t\t\t<div class=\"elementor-widget-container\">\n\t\t\t\t\t\t\t\t\t<p>Dra. Karen A. Ponceano Nunes Marcondes \u00e9 m\u00e9dica gastropediatra em S\u00e3o Jos\u00e9 do Rio Preto, SP.<\/p><p>Atende na cl\u00ednica Vivendas Sa\u00fade <a href=\"#endereco\">[ver mapa]<\/a> em S\u00e3o Jos\u00e9 do Rio Preto e online pacientes em todo Brasil e exterior.<\/p><p>Agende consulta m\u00e9dica atrav\u00e9s do <strong>telefone (17) 3227-0034.<\/strong><\/p>\t\t\t\t\t\t\t\t<\/div>\n\t\t\t\t<\/div>\n\t\t\t\t<div class=\"elementor-element elementor-element-6f5296b elementor-align-center elementor-widget elementor-widget-button\" data-id=\"6f5296b\" data-element_type=\"widget\" data-widget_type=\"button.default\">\n\t\t\t\t<div class=\"elementor-widget-container\">\n\t\t\t\t\t\t\t\t\t<div class=\"elementor-button-wrapper\">\n\t\t\t\t\t<a class=\"elementor-button elementor-button-link elementor-size-sm\" href=\"tel:\/\/+551732270034\">\n\t\t\t\t\t\t<span class=\"elementor-button-content-wrapper\">\n\t\t\t\t\t\t<span class=\"elementor-button-icon\">\n\t\t\t\t<svg aria-hidden=\"true\" class=\"e-font-icon-svg e-fas-phone-square-alt\" viewBox=\"0 0 448 512\" xmlns=\"http:\/\/www.w3.org\/2000\/svg\"><path d=\"M400 32H48A48 48 0 0 0 0 80v352a48 48 0 0 0 48 48h352a48 48 0 0 0 48-48V80a48 48 0 0 0-48-48zm-16.39 307.37l-15 65A15 15 0 0 1 354 416C194 416 64 286.29 64 126a15.7 15.7 0 0 1 11.63-14.61l65-15A18.23 18.23 0 0 1 144 96a16.27 16.27 0 0 1 13.79 9.09l30 70A17.9 17.9 0 0 1 189 181a17 17 0 0 1-5.5 11.61l-37.89 31a231.91 231.91 0 0 0 110.78 110.78l31-37.89A17 17 0 0 1 299 291a17.85 17.85 0 0 1 5.91 1.21l70 30A16.25 16.25 0 0 1 384 336a17.41 17.41 0 0 1-.39 3.37z\"><\/path><\/svg>\t\t\t<\/span>\n\t\t\t\t\t\t\t\t\t<span class=\"elementor-button-text\">LIGAR AGORA<\/span>\n\t\t\t\t\t<\/span>\n\t\t\t\t\t<\/a>\n\t\t\t\t<\/div>\n\t\t\t\t\t\t\t\t<\/div>\n\t\t\t\t<\/div>\n\t\t\t\t<\/div>\n\t\t<div class=\"elementor-element elementor-element-47ee635 e-con-full e-flex e-con e-child\" data-id=\"47ee635\" data-element_type=\"container\">\n\t\t\t\t<div class=\"elementor-element elementor-element-1b98320 elementor-widget elementor-widget-image\" data-id=\"1b98320\" data-element_type=\"widget\" data-widget_type=\"image.default\">\n\t\t\t\t<div class=\"elementor-widget-container\">\n\t\t\t\t\t\t\t\t\t\t\t\t\t\t\t<img fetchpriority=\"high\" decoding=\"async\" width=\"768\" height=\"1152\" src=\"https:\/\/gastropediatra.com.br\/wp-content\/uploads\/2025\/06\/foto-dra-karen-marcondes-768x1152.jpeg\" class=\"attachment-medium_large size-medium_large wp-image-99\" alt=\"Dra Karen Marcondes\" srcset=\"https:\/\/gastropediatra.com.br\/wp-content\/uploads\/2025\/06\/foto-dra-karen-marcondes-768x1152.jpeg 768w, https:\/\/gastropediatra.com.br\/wp-content\/uploads\/2025\/06\/foto-dra-karen-marcondes-200x300.jpeg 200w, https:\/\/gastropediatra.com.br\/wp-content\/uploads\/2025\/06\/foto-dra-karen-marcondes-683x1024.jpeg 683w, https:\/\/gastropediatra.com.br\/wp-content\/uploads\/2025\/06\/foto-dra-karen-marcondes.jpeg 912w\" sizes=\"(max-width: 768px) 100vw, 768px\" \/>\t\t\t\t\t\t\t\t\t\t\t\t\t\t\t<\/div>\n\t\t\t\t<\/div>\n\t\t\t\t<\/div>\n\t\t\t\t\t<\/div>\n\t\t\t\t<\/div>\n\t\t<div class=\"elementor-element elementor-element-1dee22e e-flex e-con-boxed e-con e-parent\" data-id=\"1dee22e\" data-element_type=\"container\" data-settings=\"{&quot;background_background&quot;:&quot;classic&quot;}\">\n\t\t\t\t\t<div class=\"e-con-inner\">\n\t\t\t\t<div class=\"elementor-element elementor-element-be952b0 elementor-widget elementor-widget-text-editor\" data-id=\"be952b0\" data-element_type=\"widget\" data-widget_type=\"text-editor.default\">\n\t\t\t\t<div class=\"elementor-widget-container\">\n\t\t\t\t\t\t\t\t\t<strong>Conte\u00fado<\/strong>\t\t\t\t\t\t\t\t<\/div>\n\t\t\t\t<\/div>\n\t\t\t\t<div class=\"elementor-element elementor-element-c0fcebb elementor-widget elementor-widget-text-editor\" data-id=\"c0fcebb\" data-element_type=\"widget\" data-widget_type=\"text-editor.default\">\n\t\t\t\t<div class=\"elementor-widget-container\">\n\t\t\t\t\t\t\t\t\t<p>Em 2025 iniciei a produ\u00e7\u00e3o de conte\u00fado no meu perfil profissional do Instagram. Sigam no Instagram @drakarennmarcondes e se inscrevam no meu canal do YouTube.<\/p>\t\t\t\t\t\t\t\t<\/div>\n\t\t\t\t<\/div>\n\t\t\t\t<div class=\"elementor-element elementor-element-7d3f4c0 elementor-align-center elementor-icon-list--layout-traditional elementor-list-item-link-full_width elementor-widget elementor-widget-icon-list\" data-id=\"7d3f4c0\" data-element_type=\"widget\" data-widget_type=\"icon-list.default\">\n\t\t\t\t<div class=\"elementor-widget-container\">\n\t\t\t\t\t\t\t<ul class=\"elementor-icon-list-items\">\n\t\t\t\t\t\t\t<li class=\"elementor-icon-list-item\">\n\t\t\t\t\t\t\t\t\t\t\t<a href=\"https:\/\/www.instagram.com\/drakarennmarcondes\/\">\n\n\t\t\t\t\t\t\t\t\t\t\t\t<span class=\"elementor-icon-list-icon\">\n\t\t\t\t\t\t\t<svg aria-hidden=\"true\" class=\"e-font-icon-svg e-fab-instagram\" viewBox=\"0 0 448 512\" xmlns=\"http:\/\/www.w3.org\/2000\/svg\"><path d=\"M224.1 141c-63.6 0-114.9 51.3-114.9 114.9s51.3 114.9 114.9 114.9S339 319.5 339 255.9 287.7 141 224.1 141zm0 189.6c-41.1 0-74.7-33.5-74.7-74.7s33.5-74.7 74.7-74.7 74.7 33.5 74.7 74.7-33.6 74.7-74.7 74.7zm146.4-194.3c0 14.9-12 26.8-26.8 26.8-14.9 0-26.8-12-26.8-26.8s12-26.8 26.8-26.8 26.8 12 26.8 26.8zm76.1 27.2c-1.7-35.9-9.9-67.7-36.2-93.9-26.2-26.2-58-34.4-93.9-36.2-37-2.1-147.9-2.1-184.9 0-35.8 1.7-67.6 9.9-93.9 36.1s-34.4 58-36.2 93.9c-2.1 37-2.1 147.9 0 184.9 1.7 35.9 9.9 67.7 36.2 93.9s58 34.4 93.9 36.2c37 2.1 147.9 2.1 184.9 0 35.9-1.7 67.7-9.9 93.9-36.2 26.2-26.2 34.4-58 36.2-93.9 2.1-37 2.1-147.8 0-184.8zM398.8 388c-7.8 19.6-22.9 34.7-42.6 42.6-29.5 11.7-99.5 9-132.1 9s-102.7 2.6-132.1-9c-19.6-7.8-34.7-22.9-42.6-42.6-11.7-29.5-9-99.5-9-132.1s-2.6-102.7 9-132.1c7.8-19.6 22.9-34.7 42.6-42.6 29.5-11.7 99.5-9 132.1-9s102.7-2.6 132.1 9c19.6 7.8 34.7 22.9 42.6 42.6 11.7 29.5 9 99.5 9 132.1s2.7 102.7-9 132.1z\"><\/path><\/svg>\t\t\t\t\t\t<\/span>\n\t\t\t\t\t\t\t\t\t\t<span class=\"elementor-icon-list-text\">www.instagram.com\/drakarennmarcondes\/<\/span>\n\t\t\t\t\t\t\t\t\t\t\t<\/a>\n\t\t\t\t\t\t\t\t\t<\/li>\n\t\t\t\t\t\t\t\t<li class=\"elementor-icon-list-item\">\n\t\t\t\t\t\t\t\t\t\t\t<a href=\"https:\/\/www.youtube.com\/@drakarennmarcondes\">\n\n\t\t\t\t\t\t\t\t\t\t\t\t<span class=\"elementor-icon-list-icon\">\n\t\t\t\t\t\t\t<svg aria-hidden=\"true\" class=\"e-font-icon-svg e-fab-youtube-square\" viewBox=\"0 0 448 512\" xmlns=\"http:\/\/www.w3.org\/2000\/svg\"><path d=\"M186.8 202.1l95.2 54.1-95.2 54.1V202.1zM448 80v352c0 26.5-21.5 48-48 48H48c-26.5 0-48-21.5-48-48V80c0-26.5 21.5-48 48-48h352c26.5 0 48 21.5 48 48zm-42 176.3s0-59.6-7.6-88.2c-4.2-15.8-16.5-28.2-32.2-32.4C337.9 128 224 128 224 128s-113.9 0-142.2 7.7c-15.7 4.2-28 16.6-32.2 32.4-7.6 28.5-7.6 88.2-7.6 88.2s0 59.6 7.6 88.2c4.2 15.8 16.5 27.7 32.2 31.9C110.1 384 224 384 224 384s113.9 0 142.2-7.7c15.7-4.2 28-16.1 32.2-31.9 7.6-28.5 7.6-88.1 7.6-88.1z\"><\/path><\/svg>\t\t\t\t\t\t<\/span>\n\t\t\t\t\t\t\t\t\t\t<span class=\"elementor-icon-list-text\">www.youtube.com\/@drakarennmarcondes<\/span>\n\t\t\t\t\t\t\t\t\t\t\t<\/a>\n\t\t\t\t\t\t\t\t\t<\/li>\n\t\t\t\t\t\t<\/ul>\n\t\t\t\t\t\t<\/div>\n\t\t\t\t<\/div>\n\t\t\t\t\t<\/div>\n\t\t\t\t<\/div>\n\t\t<div class=\"elementor-element elementor-element-3aeede0 e-flex e-con-boxed e-con e-parent\" data-id=\"3aeede0\" data-element_type=\"container\" data-settings=\"{&quot;background_background&quot;:&quot;classic&quot;}\">\n\t\t\t\t\t<div class=\"e-con-inner\">\n\t\t\t\t<div class=\"elementor-element elementor-element-e57f3ec elementor-widget elementor-widget-text-editor\" data-id=\"e57f3ec\" data-element_type=\"widget\" data-widget_type=\"text-editor.default\">\n\t\t\t\t<div class=\"elementor-widget-container\">\n\t\t\t\t\t\t\t\t\t<p><strong>Instagram <\/strong>@drakarennmarcondes<\/p>\t\t\t\t\t\t\t\t<\/div>\n\t\t\t\t<\/div>\n\t\t\t\t<div class=\"elementor-element elementor-element-1b704c8 elementor-widget elementor-widget-shortcode\" data-id=\"1b704c8\" data-element_type=\"widget\" data-widget_type=\"shortcode.default\">\n\t\t\t\t<div class=\"elementor-widget-container\">\n\t\t\t\t\t\t\t<div class=\"elementor-shortcode\"><div id=\"trustindex-feed-container-9669f52619f0dd4\"><\/div><\/div>\n\t\t\t\t\t\t<\/div>\n\t\t\t\t<\/div>\n\t\t\t\t\t<\/div>\n\t\t\t\t<\/div>\n\t\t<div class=\"elementor-element elementor-element-0fecabb e-flex e-con-boxed e-con e-parent\" data-id=\"0fecabb\" data-element_type=\"container\">\n\t\t\t\t\t<div class=\"e-con-inner\">\n\t\t\t\t<div class=\"elementor-element elementor-element-459a703 elementor-widget elementor-widget-text-editor\" data-id=\"459a703\" data-element_type=\"widget\" data-widget_type=\"text-editor.default\">\n\t\t\t\t<div class=\"elementor-widget-container\">\n\t\t\t\t\t\t\t\t\t<strong>Nosso endere\u00e7o<\/strong>\n\t\t\t\t\t\t\t\t<\/div>\n\t\t\t\t<\/div>\n\t\t\t\t<div class=\"elementor-element elementor-element-3bf9c4e elementor-widget elementor-widget-text-editor\" data-id=\"3bf9c4e\" data-element_type=\"widget\" data-widget_type=\"text-editor.default\">\n\t\t\t\t<div class=\"elementor-widget-container\">\n\t\t\t\t\t\t\t\t\t<p>A Cl\u00ednica Vivendas Sa\u00fade est\u00e1 localizada na Rua Maria Carolina Trevisan Fava, 2305 no bairro Vivendas em S\u00e3o Jos\u00e9 do Rio Preto, SP. CEP: 15090-330.<\/p><p>A cl\u00ednica possui estacionamento no local para melhor atendimento dos pacientes.<\/p><p>Agende consulta m\u00e9dica com a gastropediatra Dra. Karen Marcondes atrav\u00e9s do <strong>telefone (17) 3227-0034.<\/strong><\/p>\t\t\t\t\t\t\t\t<\/div>\n\t\t\t\t<\/div>\n\t\t\t\t<div class=\"elementor-element elementor-element-3ec263f elementor-align-center elementor-widget elementor-widget-button\" data-id=\"3ec263f\" data-element_type=\"widget\" data-widget_type=\"button.default\">\n\t\t\t\t<div class=\"elementor-widget-container\">\n\t\t\t\t\t\t\t\t\t<div class=\"elementor-button-wrapper\">\n\t\t\t\t\t<a class=\"elementor-button elementor-button-link elementor-size-sm\" href=\"tel:\/\/+551732270034\">\n\t\t\t\t\t\t<span class=\"elementor-button-content-wrapper\">\n\t\t\t\t\t\t<span class=\"elementor-button-icon\">\n\t\t\t\t<svg aria-hidden=\"true\" class=\"e-font-icon-svg e-fas-phone-square-alt\" viewBox=\"0 0 448 512\" xmlns=\"http:\/\/www.w3.org\/2000\/svg\"><path d=\"M400 32H48A48 48 0 0 0 0 80v352a48 48 0 0 0 48 48h352a48 48 0 0 0 48-48V80a48 48 0 0 0-48-48zm-16.39 307.37l-15 65A15 15 0 0 1 354 416C194 416 64 286.29 64 126a15.7 15.7 0 0 1 11.63-14.61l65-15A18.23 18.23 0 0 1 144 96a16.27 16.27 0 0 1 13.79 9.09l30 70A17.9 17.9 0 0 1 189 181a17 17 0 0 1-5.5 11.61l-37.89 31a231.91 231.91 0 0 0 110.78 110.78l31-37.89A17 17 0 0 1 299 291a17.85 17.85 0 0 1 5.91 1.21l70 30A16.25 16.25 0 0 1 384 336a17.41 17.41 0 0 1-.39 3.37z\"><\/path><\/svg>\t\t\t<\/span>\n\t\t\t\t\t\t\t\t\t<span class=\"elementor-button-text\">LIGAR AGORA<\/span>\n\t\t\t\t\t<\/span>\n\t\t\t\t\t<\/a>\n\t\t\t\t<\/div>\n\t\t\t\t\t\t\t\t<\/div>\n\t\t\t\t<\/div>\n\t\t\t\t\t<\/div>\n\t\t\t\t<\/div>\n\t\t<div class=\"elementor-element elementor-element-85d45be e-flex e-con-boxed e-con e-parent\" data-id=\"85d45be\" data-element_type=\"container\">\n\t\t\t\t\t<div class=\"e-con-inner\">\n\t\t\t\t<div class=\"elementor-element elementor-element-046df35 endereco elementor-widget elementor-widget-html\" data-id=\"046df35\" data-element_type=\"widget\" id=\"endereco\" data-widget_type=\"html.default\">\n\t\t\t\t<div class=\"elementor-widget-container\">\n\t\t\t\t\t<iframe src=\"https:\/\/www.google.com\/maps\/embed?pb=!1m18!1m12!1m3!1d3728.718514721663!2d-49.3960703!3d-20.843070200000003!2m3!1f0!2f0!3f0!3m2!1i1024!2i768!4f13.1!3m3!1m2!1s0x94bdb2f2a9027a5d%3A0x6731e5cb992ff998!2sCl%C3%ADnica%20Vivendas%20Sa%C3%BAde!5e0!3m2!1spt-BR!2sbr!4v1749933121131!5m2!1spt-BR!2sbr\" width=\"100%\" height=\"450\" style=\"border:0;\" allowfullscreen=\"\" loading=\"lazy\" referrerpolicy=\"no-referrer-when-downgrade\"><\/iframe>\t\t\t\t<\/div>\n\t\t\t\t<\/div>\n\t\t\t\t\t<\/div>\n\t\t\t\t<\/div>\n\t\t<div class=\"elementor-element elementor-element-f05ac97 e-flex e-con-boxed e-con e-parent\" data-id=\"f05ac97\" data-element_type=\"container\" data-settings=\"{&quot;background_background&quot;:&quot;gradient&quot;}\">\n\t\t\t\t\t<div class=\"e-con-inner\">\n\t\t<div class=\"elementor-element elementor-element-3ada104 e-con-full e-flex e-con e-child\" data-id=\"3ada104\" data-element_type=\"container\">\n\t\t\t\t<div class=\"elementor-element elementor-element-0fa39fc elementor-widget elementor-widget-text-editor\" data-id=\"0fa39fc\" data-element_type=\"widget\" data-widget_type=\"text-editor.default\">\n\t\t\t\t<div class=\"elementor-widget-container\">\n\t\t\t\t\t\t\t\t\t<em><strong>DADOS PRINCIPAIS<\/strong><\/em>\n\t\t\t\t\t\t\t\t<\/div>\n\t\t\t\t<\/div>\n\t\t\t\t<div class=\"elementor-element elementor-element-cae1f8a elementor-widget elementor-widget-text-editor\" data-id=\"cae1f8a\" data-element_type=\"widget\" data-widget_type=\"text-editor.default\">\n\t\t\t\t<div class=\"elementor-widget-container\">\n\t\t\t\t\t\t\t\t\t<strong>Dra. Karen A. Ponceano Nunes Marcondes<\/strong><br>\nCRM 109319<br>\n<br>\nR. Maria Carolina Trevisan Fava, 2305 &#8211; Vivendas<br>\nS\u00e3o Jos\u00e9 do Rio Preto<br>\t\t\t\t\t\t\t\t<\/div>\n\t\t\t\t<\/div>\n\t\t\t\t<\/div>\n\t\t<div class=\"elementor-element elementor-element-b26c82f e-con-full e-flex e-con e-child\" data-id=\"b26c82f\" data-element_type=\"container\">\n\t\t\t\t<div class=\"elementor-element elementor-element-d162967 elementor-widget elementor-widget-text-editor\" data-id=\"d162967\" data-element_type=\"widget\" data-widget_type=\"text-editor.default\">\n\t\t\t\t<div class=\"elementor-widget-container\">\n\t\t\t\t\t\t\t\t\t<em><strong>REDES SOCIAIS<\/strong><\/em>\n\t\t\t\t\t\t\t\t<\/div>\n\t\t\t\t<\/div>\n\t\t\t\t<div class=\"elementor-element elementor-element-a1f88da elementor-align-left elementor-icon-list--layout-traditional elementor-list-item-link-full_width elementor-widget elementor-widget-icon-list\" data-id=\"a1f88da\" data-element_type=\"widget\" data-widget_type=\"icon-list.default\">\n\t\t\t\t<div class=\"elementor-widget-container\">\n\t\t\t\t\t\t\t<ul class=\"elementor-icon-list-items\">\n\t\t\t\t\t\t\t<li class=\"elementor-icon-list-item\">\n\t\t\t\t\t\t\t\t\t\t\t<a href=\"https:\/\/www.instagram.com\/drakarennmarcondes\/\">\n\n\t\t\t\t\t\t\t\t\t\t\t\t<span class=\"elementor-icon-list-icon\">\n\t\t\t\t\t\t\t<svg aria-hidden=\"true\" class=\"e-font-icon-svg e-fab-instagram\" viewBox=\"0 0 448 512\" xmlns=\"http:\/\/www.w3.org\/2000\/svg\"><path d=\"M224.1 141c-63.6 0-114.9 51.3-114.9 114.9s51.3 114.9 114.9 114.9S339 319.5 339 255.9 287.7 141 224.1 141zm0 189.6c-41.1 0-74.7-33.5-74.7-74.7s33.5-74.7 74.7-74.7 74.7 33.5 74.7 74.7-33.6 74.7-74.7 74.7zm146.4-194.3c0 14.9-12 26.8-26.8 26.8-14.9 0-26.8-12-26.8-26.8s12-26.8 26.8-26.8 26.8 12 26.8 26.8zm76.1 27.2c-1.7-35.9-9.9-67.7-36.2-93.9-26.2-26.2-58-34.4-93.9-36.2-37-2.1-147.9-2.1-184.9 0-35.8 1.7-67.6 9.9-93.9 36.1s-34.4 58-36.2 93.9c-2.1 37-2.1 147.9 0 184.9 1.7 35.9 9.9 67.7 36.2 93.9s58 34.4 93.9 36.2c37 2.1 147.9 2.1 184.9 0 35.9-1.7 67.7-9.9 93.9-36.2 26.2-26.2 34.4-58 36.2-93.9 2.1-37 2.1-147.8 0-184.8zM398.8 388c-7.8 19.6-22.9 34.7-42.6 42.6-29.5 11.7-99.5 9-132.1 9s-102.7 2.6-132.1-9c-19.6-7.8-34.7-22.9-42.6-42.6-11.7-29.5-9-99.5-9-132.1s-2.6-102.7 9-132.1c7.8-19.6 22.9-34.7 42.6-42.6 29.5-11.7 99.5-9 132.1-9s102.7-2.6 132.1 9c19.6 7.8 34.7 22.9 42.6 42.6 11.7 29.5 9 99.5 9 132.1s2.7 102.7-9 132.1z\"><\/path><\/svg>\t\t\t\t\t\t<\/span>\n\t\t\t\t\t\t\t\t\t\t<span class=\"elementor-icon-list-text\">@drakarennmarcondes\/<\/span>\n\t\t\t\t\t\t\t\t\t\t\t<\/a>\n\t\t\t\t\t\t\t\t\t<\/li>\n\t\t\t\t\t\t\t\t<li class=\"elementor-icon-list-item\">\n\t\t\t\t\t\t\t\t\t\t\t<a href=\"https:\/\/www.youtube.com\/@drakarennmarcondes\">\n\n\t\t\t\t\t\t\t\t\t\t\t\t<span class=\"elementor-icon-list-icon\">\n\t\t\t\t\t\t\t<svg aria-hidden=\"true\" class=\"e-font-icon-svg e-fab-youtube-square\" viewBox=\"0 0 448 512\" xmlns=\"http:\/\/www.w3.org\/2000\/svg\"><path d=\"M186.8 202.1l95.2 54.1-95.2 54.1V202.1zM448 80v352c0 26.5-21.5 48-48 48H48c-26.5 0-48-21.5-48-48V80c0-26.5 21.5-48 48-48h352c26.5 0 48 21.5 48 48zm-42 176.3s0-59.6-7.6-88.2c-4.2-15.8-16.5-28.2-32.2-32.4C337.9 128 224 128 224 128s-113.9 0-142.2 7.7c-15.7 4.2-28 16.6-32.2 32.4-7.6 28.5-7.6 88.2-7.6 88.2s0 59.6 7.6 88.2c4.2 15.8 16.5 27.7 32.2 31.9C110.1 384 224 384 224 384s113.9 0 142.2-7.7c15.7-4.2 28-16.1 32.2-31.9 7.6-28.5 7.6-88.1 7.6-88.1z\"><\/path><\/svg>\t\t\t\t\t\t<\/span>\n\t\t\t\t\t\t\t\t\t\t<span class=\"elementor-icon-list-text\">drakarennmarcondes<\/span>\n\t\t\t\t\t\t\t\t\t\t\t<\/a>\n\t\t\t\t\t\t\t\t\t<\/li>\n\t\t\t\t\t\t<\/ul>\n\t\t\t\t\t\t<\/div>\n\t\t\t\t<\/div>\n\t\t\t\t<\/div>\n\t\t<div class=\"elementor-element elementor-element-8255441 e-con-full e-flex e-con e-child\" data-id=\"8255441\" data-element_type=\"container\">\n\t\t\t\t<div class=\"elementor-element elementor-element-ef347b0 elementor-widget elementor-widget-text-editor\" data-id=\"ef347b0\" data-element_type=\"widget\" data-widget_type=\"text-editor.default\">\n\t\t\t\t<div class=\"elementor-widget-container\">\n\t\t\t\t\t\t\t\t\t<strong>CONTATO R\u00c1PIDO<\/strong>\n\t\t\t\t\t\t\t\t<\/div>\n\t\t\t\t<\/div>\n\t\t\t\t<div class=\"elementor-element elementor-element-ed96775 elementor-align-left elementor-icon-list--layout-traditional elementor-list-item-link-full_width elementor-widget elementor-widget-icon-list\" data-id=\"ed96775\" data-element_type=\"widget\" data-widget_type=\"icon-list.default\">\n\t\t\t\t<div class=\"elementor-widget-container\">\n\t\t\t\t\t\t\t<ul class=\"elementor-icon-list-items\">\n\t\t\t\t\t\t\t<li class=\"elementor-icon-list-item\">\n\t\t\t\t\t\t\t\t\t\t\t<a href=\"tel:\/\/+551732270034\">\n\n\t\t\t\t\t\t\t\t\t\t\t\t<span class=\"elementor-icon-list-icon\">\n\t\t\t\t\t\t\t<svg aria-hidden=\"true\" class=\"e-font-icon-svg e-fas-phone-square-alt\" viewBox=\"0 0 448 512\" xmlns=\"http:\/\/www.w3.org\/2000\/svg\"><path d=\"M400 32H48A48 48 0 0 0 0 80v352a48 48 0 0 0 48 48h352a48 48 0 0 0 48-48V80a48 48 0 0 0-48-48zm-16.39 307.37l-15 65A15 15 0 0 1 354 416C194 416 64 286.29 64 126a15.7 15.7 0 0 1 11.63-14.61l65-15A18.23 18.23 0 0 1 144 96a16.27 16.27 0 0 1 13.79 9.09l30 70A17.9 17.9 0 0 1 189 181a17 17 0 0 1-5.5 11.61l-37.89 31a231.91 231.91 0 0 0 110.78 110.78l31-37.89A17 17 0 0 1 299 291a17.85 17.85 0 0 1 5.91 1.21l70 30A16.25 16.25 0 0 1 384 336a17.41 17.41 0 0 1-.39 3.37z\"><\/path><\/svg>\t\t\t\t\t\t<\/span>\n\t\t\t\t\t\t\t\t\t\t<span class=\"elementor-icon-list-text\">(17) 3227-0034<\/span>\n\t\t\t\t\t\t\t\t\t\t\t<\/a>\n\t\t\t\t\t\t\t\t\t<\/li>\n\t\t\t\t\t\t<\/ul>\n\t\t\t\t\t\t<\/div>\n\t\t\t\t<\/div>\n\t\t\t\t<\/div>\n\t\t\t\t\t<\/div>\n\t\t\t\t<\/div>\n\t\t\t\t<\/div>\n\t\t","protected":false},"excerpt":{"rendered":"<p>Dra. Karen Marcondes | Gastropediatra CRM 109.319 Sobre a Gastropediatra Dra. Karen A. Ponceano Nunes Marcondes \u00e9 m\u00e9dica gastropediatra em [&hellip;]<\/p>\n","protected":false},"author":1,"featured_media":0,"parent":0,"menu_order":0,"comment_status":"closed","ping_status":"closed","template":"","meta":{"site-sidebar-layout":"no-sidebar","site-content-layout":"","ast-site-content-layout":"full-width-container","site-content-style":"default","site-sidebar-style":"default","ast-global-header-display":"","ast-banner-title-visibility":"","ast-main-header-display":"","ast-hfb-above-header-display":"","ast-hfb-below-header-display":"","ast-hfb-mobile-header-display":"","site-post-title":"disabled","ast-breadcrumbs-content":"","ast-featured-img":"disabled","footer-sml-layout":"","theme-transparent-header-meta":"default","adv-header-id-meta":"","stick-header-meta":"","header-above-stick-meta":"","header-main-stick-meta":"","header-below-stick-meta":"","astra-migrate-meta-layouts":"set","ast-page-background-enabled":"default","ast-page-background-meta":{"desktop":{"background-color":"var(--ast-global-color-5)","background-image":"","background-repeat":"repeat","background-position":"center center","background-size":"auto","background-attachment":"scroll","background-type":"","background-media":"","overlay-type":"","overlay-color":"","overlay-opacity":"","overlay-gradient":""},"tablet":{"background-color":"","background-image":"","background-repeat":"repeat","background-position":"center center","background-size":"auto","background-attachment":"scroll","background-type":"","background-media":"","overlay-type":"","overlay-color":"","overlay-opacity":"","overlay-gradient":""},"mobile":{"background-color":"","background-image":"","background-repeat":"repeat","background-position":"center center","background-size":"auto","background-attachment":"scroll","background-type":"","background-media":"","overlay-type":"","overlay-color":"","overlay-opacity":"","overlay-gradient":""}},"ast-content-background-meta":{"desktop":{"background-color":"var(--ast-global-color-4)","background-image":"","background-repeat":"repeat","background-position":"center center","background-size":"auto","background-attachment":"scroll","background-type":"","background-media":"","overlay-type":"","overlay-color":"","overlay-opacity":"","overlay-gradient":""},"tablet":{"background-color":"var(--ast-global-color-4)","background-image":"","background-repeat":"repeat","background-position":"center center","background-size":"auto","background-attachment":"scroll","background-type":"","background-media":"","overlay-type":"","overlay-color":"","overlay-opacity":"","overlay-gradient":""},"mobile":{"background-color":"var(--ast-global-color-4)","background-image":"","background-repeat":"repeat","background-position":"center center","background-size":"auto","background-attachment":"scroll","background-type":"","background-media":"","overlay-type":"","overlay-color":"","overlay-opacity":"","overlay-gradient":""}},"footnotes":""},"class_list":["post-11","page","type-page","status-publish","hentry"],"yoast_head":"<!-- This site is optimized with the Yoast SEO plugin v25.3 - https:\/\/yoast.com\/wordpress\/plugins\/seo\/ -->\n<title>Gastropediatra Dra Karen Marcondes em S\u00e3o Jos\u00e9 do Rio Preto<\/title>\n<meta name=\"description\" content=\"Gastropediatra Dra Karen Marcondes em S\u00e3o Jos\u00e9 do Rio Preto. Atendimento na cl\u00ednica Vivendas Sa\u00fade e Online para todo Brasil e exterior.\" \/>\n<meta name=\"robots\" content=\"index, follow, max-snippet:-1, max-image-preview:large, max-video-preview:-1\" \/>\n<link rel=\"canonical\" href=\"https:\/\/gastropediatra.com.br\/\" \/>\n<meta property=\"og:locale\" content=\"pt_BR\" \/>\n<meta property=\"og:type\" content=\"article\" \/>\n<meta property=\"og:title\" content=\"Gastropediatra Dra Karen Marcondes em S\u00e3o Jos\u00e9 do Rio Preto\" \/>\n<meta property=\"og:description\" content=\"Gastropediatra Dra Karen Marcondes em S\u00e3o Jos\u00e9 do Rio Preto. Atendimento na cl\u00ednica Vivendas Sa\u00fade e Online para todo Brasil e exterior.\" \/>\n<meta property=\"og:url\" content=\"https:\/\/gastropediatra.com.br\/\" \/>\n<meta property=\"og:site_name\" content=\"Gastropediatra Dra Karen Marcondes\" \/>\n<meta property=\"article:modified_time\" content=\"2025-06-17T21:33:36+00:00\" \/>\n<meta property=\"og:image\" content=\"https:\/\/gastropediatra.com.br\/wp-content\/uploads\/2025\/06\/foto-dra-karen-marcondes.jpeg\" \/>\n\t<meta property=\"og:image:width\" content=\"912\" \/>\n\t<meta property=\"og:image:height\" content=\"1368\" \/>\n\t<meta property=\"og:image:type\" content=\"image\/jpeg\" \/>\n<meta name=\"twitter:card\" content=\"summary_large_image\" \/>\n<meta name=\"twitter:label1\" content=\"Est. tempo de leitura\" \/>\n\t<meta name=\"twitter:data1\" content=\"2 minutos\" \/>\n<script type=\"application\/ld+json\" class=\"yoast-schema-graph\">{\"@context\":\"https:\/\/schema.org\",\"@graph\":[{\"@type\":\"WebPage\",\"@id\":\"https:\/\/gastropediatra.com.br\/\",\"url\":\"https:\/\/gastropediatra.com.br\/\",\"name\":\"Gastropediatra Dra Karen Marcondes em S\u00e3o Jos\u00e9 do Rio Preto\",\"isPartOf\":{\"@id\":\"https:\/\/gastropediatra.com.br\/#website\"},\"primaryImageOfPage\":{\"@id\":\"https:\/\/gastropediatra.com.br\/#primaryimage\"},\"image\":{\"@id\":\"https:\/\/gastropediatra.com.br\/#primaryimage\"},\"thumbnailUrl\":\"https:\/\/gastropediatra.com.br\/wp-content\/uploads\/2025\/06\/foto-dra-karen-marcondes-768x1152.jpeg\",\"datePublished\":\"2025-06-14T20:03:51+00:00\",\"dateModified\":\"2025-06-17T21:33:36+00:00\",\"description\":\"Gastropediatra Dra Karen Marcondes em S\u00e3o Jos\u00e9 do Rio Preto. Atendimento na cl\u00ednica Vivendas Sa\u00fade e Online para todo Brasil e exterior.\",\"breadcrumb\":{\"@id\":\"https:\/\/gastropediatra.com.br\/#breadcrumb\"},\"inLanguage\":\"pt-BR\",\"potentialAction\":[{\"@type\":\"ReadAction\",\"target\":[\"https:\/\/gastropediatra.com.br\/\"]}]},{\"@type\":\"ImageObject\",\"inLanguage\":\"pt-BR\",\"@id\":\"https:\/\/gastropediatra.com.br\/#primaryimage\",\"url\":\"https:\/\/gastropediatra.com.br\/wp-content\/uploads\/2025\/06\/foto-dra-karen-marcondes.jpeg\",\"contentUrl\":\"https:\/\/gastropediatra.com.br\/wp-content\/uploads\/2025\/06\/foto-dra-karen-marcondes.jpeg\",\"width\":912,\"height\":1368,\"caption\":\"Dra Karen Marcondes\"},{\"@type\":\"BreadcrumbList\",\"@id\":\"https:\/\/gastropediatra.com.br\/#breadcrumb\",\"itemListElement\":[{\"@type\":\"ListItem\",\"position\":1,\"name\":\"In\u00edcio\",\"item\":\"https:\/\/gastropediatra.com.br\/\"},{\"@type\":\"ListItem\",\"position\":2,\"name\":\"Gastropediatra Dra Karen Marcondes em S\u00e3o Jos\u00e9 do Rio Preto\"}]},{\"@type\":\"WebSite\",\"@id\":\"https:\/\/gastropediatra.com.br\/#website\",\"url\":\"https:\/\/gastropediatra.com.br\/\",\"name\":\"Gastropediatra Dra Karen Marcondes\",\"description\":\"\",\"potentialAction\":[{\"@type\":\"SearchAction\",\"target\":{\"@type\":\"EntryPoint\",\"urlTemplate\":\"https:\/\/gastropediatra.com.br\/?s={search_term_string}\"},\"query-input\":{\"@type\":\"PropertyValueSpecification\",\"valueRequired\":true,\"valueName\":\"search_term_string\"}}],\"inLanguage\":\"pt-BR\"}]}<\/script>\n<!-- \/ Yoast SEO plugin. -->","yoast_head_json":{"title":"Gastropediatra Dra Karen Marcondes em S\u00e3o Jos\u00e9 do Rio Preto","description":"Gastropediatra Dra Karen Marcondes em S\u00e3o Jos\u00e9 do Rio Preto. Atendimento na cl\u00ednica Vivendas Sa\u00fade e Online para todo Brasil e exterior.","robots":{"index":"index","follow":"follow","max-snippet":"max-snippet:-1","max-image-preview":"max-image-preview:large","max-video-preview":"max-video-preview:-1"},"canonical":"https:\/\/gastropediatra.com.br\/","og_locale":"pt_BR","og_type":"article","og_title":"Gastropediatra Dra Karen Marcondes em S\u00e3o Jos\u00e9 do Rio Preto","og_description":"Gastropediatra Dra Karen Marcondes em S\u00e3o Jos\u00e9 do Rio Preto. Atendimento na cl\u00ednica Vivendas Sa\u00fade e Online para todo Brasil e exterior.","og_url":"https:\/\/gastropediatra.com.br\/","og_site_name":"Gastropediatra Dra Karen Marcondes","article_modified_time":"2025-06-17T21:33:36+00:00","og_image":[{"width":912,"height":1368,"url":"https:\/\/gastropediatra.com.br\/wp-content\/uploads\/2025\/06\/foto-dra-karen-marcondes.jpeg","type":"image\/jpeg"}],"twitter_card":"summary_large_image","twitter_misc":{"Est. tempo de leitura":"2 minutos"},"schema":{"@context":"https:\/\/schema.org","@graph":[{"@type":"WebPage","@id":"https:\/\/gastropediatra.com.br\/","url":"https:\/\/gastropediatra.com.br\/","name":"Gastropediatra Dra Karen Marcondes em S\u00e3o Jos\u00e9 do Rio Preto","isPartOf":{"@id":"https:\/\/gastropediatra.com.br\/#website"},"primaryImageOfPage":{"@id":"https:\/\/gastropediatra.com.br\/#primaryimage"},"image":{"@id":"https:\/\/gastropediatra.com.br\/#primaryimage"},"thumbnailUrl":"https:\/\/gastropediatra.com.br\/wp-content\/uploads\/2025\/06\/foto-dra-karen-marcondes-768x1152.jpeg","datePublished":"2025-06-14T20:03:51+00:00","dateModified":"2025-06-17T21:33:36+00:00","description":"Gastropediatra Dra Karen Marcondes em S\u00e3o Jos\u00e9 do Rio Preto. Atendimento na cl\u00ednica Vivendas Sa\u00fade e Online para todo Brasil e exterior.","breadcrumb":{"@id":"https:\/\/gastropediatra.com.br\/#breadcrumb"},"inLanguage":"pt-BR","potentialAction":[{"@type":"ReadAction","target":["https:\/\/gastropediatra.com.br\/"]}]},{"@type":"ImageObject","inLanguage":"pt-BR","@id":"https:\/\/gastropediatra.com.br\/#primaryimage","url":"https:\/\/gastropediatra.com.br\/wp-content\/uploads\/2025\/06\/foto-dra-karen-marcondes.jpeg","contentUrl":"https:\/\/gastropediatra.com.br\/wp-content\/uploads\/2025\/06\/foto-dra-karen-marcondes.jpeg","width":912,"height":1368,"caption":"Dra Karen Marcondes"},{"@type":"BreadcrumbList","@id":"https:\/\/gastropediatra.com.br\/#breadcrumb","itemListElement":[{"@type":"ListItem","position":1,"name":"In\u00edcio","item":"https:\/\/gastropediatra.com.br\/"},{"@type":"ListItem","position":2,"name":"Gastropediatra Dra Karen Marcondes em S\u00e3o Jos\u00e9 do Rio Preto"}]},{"@type":"WebSite","@id":"https:\/\/gastropediatra.com.br\/#website","url":"https:\/\/gastropediatra.com.br\/","name":"Gastropediatra Dra Karen Marcondes","description":"","potentialAction":[{"@type":"SearchAction","target":{"@type":"EntryPoint","urlTemplate":"https:\/\/gastropediatra.com.br\/?s={search_term_string}"},"query-input":{"@type":"PropertyValueSpecification","valueRequired":true,"valueName":"search_term_string"}}],"inLanguage":"pt-BR"}]}},"_links":{"self":[{"href":"https:\/\/gastropediatra.com.br\/index.php\/wp-json\/wp\/v2\/pages\/11","targetHints":{"allow":["GET"]}}],"collection":[{"href":"https:\/\/gastropediatra.com.br\/index.php\/wp-json\/wp\/v2\/pages"}],"about":[{"href":"https:\/\/gastropediatra.com.br\/index.php\/wp-json\/wp\/v2\/types\/page"}],"author":[{"embeddable":true,"href":"https:\/\/gastropediatra.com.br\/index.php\/wp-json\/wp\/v2\/users\/1"}],"replies":[{"embeddable":true,"href":"https:\/\/gastropediatra.com.br\/index.php\/wp-json\/wp\/v2\/comments?post=11"}],"version-history":[{"count":109,"href":"https:\/\/gastropediatra.com.br\/index.php\/wp-json\/wp\/v2\/pages\/11\/revisions"}],"predecessor-version":[{"id":132,"href":"https:\/\/gastropediatra.com.br\/index.php\/wp-json\/wp\/v2\/pages\/11\/revisions\/132"}],"wp:attachment":[{"href":"https:\/\/gastropediatra.com.br\/index.php\/wp-json\/wp\/v2\/media?parent=11"}],"curies":[{"name":"wp","href":"https:\/\/api.w.org\/{rel}","templated":true}]}}